
{"id":966,"date":"2022-10-14T11:37:11","date_gmt":"2022-10-14T09:37:11","guid":{"rendered":"https:\/\/blog.proclima.com\/fr\/?page_id=966"},"modified":"2022-11-02T13:40:17","modified_gmt":"2022-11-02T12:40:17","slug":"page-daccueil","status":"publish","type":"page","link":"https:\/\/blog.proclima.com\/fr\/","title":{"rendered":"page d&rsquo;accueil"},"content":{"rendered":"<section class=\"display-posts-listing display-posts-listing-featured\"><div class=\"display-posts-listing-container\"><div class=\"row\">\n<div class=\"col-sm-12\">\n\n<article id=\"post-1162\" class=\"display-posts-featured display-posts-featured-first post-1162 post type-post status-publish format-standard has-post-thumbnail hentry category-evenements-salons category-general tag-etancheite-a-lair tag-pro-clima tag-pro-clima-france tag-rencontres-professionnelles tag-salon\">\n    <div class=\"row\">\n        <div class=\"col-sm-12 col-md-8\">\n            <div class=\"post-thumbnail-wrapper\">\n                <a href=\"https:\/\/blog.proclima.com\/fr\/2026\/03\/prochains-evenements-ou-nous-rencontrer\/\" rel=\"bookmark\">\n                    <img loading=\"lazy\" decoding=\"async\" data-size=\"1250x625\" width=\"736\" height=\"414\" src=\"https:\/\/blog.proclima.com\/fr\/files\/2026\/03\/GABARIT_VIERGE_header_FR_882609788_20260303142004-736x414.jpg\" class=\"attachment-medium-thumbnail size-medium-thumbnail wp-post-image\" alt=\"\" srcset=\"https:\/\/blog.proclima.com\/fr\/files\/2026\/03\/GABARIT_VIERGE_header_FR_882609788_20260303142004-736x414.jpg 736w, https:\/\/blog.proclima.com\/fr\/files\/2026\/03\/GABARIT_VIERGE_header_FR_882609788_20260303142004-352x198.jpg 352w\" sizes=\"auto, (max-width: 736px) 100vw, 736px\" \/>                <\/a>\n            <\/div>\n        <\/div>\n        \n        <div class=\"col-sm-12 col-md-4\">   \n            <header class=\"entry-header\">\n                                <h1 class=\"entry-title\"><a href=\"https:\/\/blog.proclima.com\/fr\/2026\/03\/prochains-evenements-ou-nous-rencontrer\/\" rel=\"bookmark\">Prochains \u00e9v\u00e9nements o\u00f9 nous rencontrer\u00a0!<\/a><\/h1>\n                                \n                            <\/header><!-- .entry-header -->     \n            <div class=\"entry-summary\">\n                <p>L&rsquo;ann\u00e9e 2026 est d\u00e9j\u00e0 bien entam\u00e9e et avec elle notre participation \u00e0 plusieurs salons. Faisons un petit retour en arri\u00e8re. D\u00e9but f\u00e9vrier, nous \u00e9tions pr\u00e9sents <a href=\"https:\/\/blog.proclima.com\/fr\/2026\/03\/prochains-evenements-ou-nous-rencontrer\/\" rel=\"bookmark\">&#8230;<\/a><\/p>\n            <\/div><!-- .entry-summary -->\n\n            <footer class=\"entry-footer\">\n                <div class=\"entry-meta\">\n                    <!-- <span class=\"posted-on\"><time class=\"entry-date published updated\" datetime=\"2026-03-19T16:39:10+01:00\">19 mars 2026 mis \u00e0 jour r\u00e9cemment<\/time><\/span> -->\n                <\/div><!-- .entry-meta -->\n            <\/footer><!-- .entry-footer -->\n        <\/div>\n    <\/div>\n<\/article><!-- #post-## -->\n\n<\/div>\n<div class=\"col-md-4\">\n\n<article id=\"post-1155\" class=\"display-posts-featured post-1155 post type-post status-publish format-standard has-post-thumbnail hentry category-evenements-salons category-general\">\n    <div class=\"row\">\n        <div class=\"col-sm-12 col-sm-12\">\n            <div class=\"post-thumbnail-wrapper\">\n                <a href=\"https:\/\/blog.proclima.com\/fr\/2025\/12\/cloture-de-lannee-2025-nouvelle-annee-2026\/\" rel=\"bookmark\">\n                    <img loading=\"lazy\" decoding=\"async\" data-size=\"656x325\" width=\"352\" height=\"198\" src=\"https:\/\/blog.proclima.com\/fr\/files\/2025\/12\/Weihnachten-352x198.jpg\" class=\"attachment-small-thumbnail size-small-thumbnail wp-post-image\" alt=\"\" \/>                <\/a>\n            <\/div>\n        <\/div>\n        \n        <div class=\"col-sm-12 col-sm-12\">   \n            <header class=\"entry-header\">\n                                <h1 class=\"entry-title\"><a href=\"https:\/\/blog.proclima.com\/fr\/2025\/12\/cloture-de-lannee-2025-nouvelle-annee-2026\/\" rel=\"bookmark\">&#x2728;Cl\u00f4ture de l\u2019ann\u00e9e 2025 &amp; nouvelle ann\u00e9e 2026&#x2728;<\/a><\/h1>\n                                \n                            <\/header><!-- .entry-header -->     \n            <div class=\"entry-summary\">\n                <p>Alors que l\u2019ann\u00e9e touche \u00e0 sa fin, merci \u00e0 nos clients, partenaires et collaborateurs pour leur confiance et leur engagement tout au long de l\u2019ann\u00e9e. <a href=\"https:\/\/blog.proclima.com\/fr\/2025\/12\/cloture-de-lannee-2025-nouvelle-annee-2026\/\" rel=\"bookmark\">&#8230;<\/a><\/p>\n            <\/div><!-- .entry-summary -->\n\n            <footer class=\"entry-footer\">\n                <div class=\"entry-meta\">\n                    <!-- <span class=\"posted-on\"><time class=\"entry-date updated\" datetime=\"2025-12-19T10:36:37+01:00\">19 d\u00e9cembre 2025 mis \u00e0 jour r\u00e9cemment<\/time><\/span> -->\n                <\/div><!-- .entry-meta -->\n            <\/footer><!-- .entry-footer -->\n        <\/div>\n    <\/div>\n<\/article><!-- #post-## -->\n\n<\/div>\n<div class=\"col-md-4\">\n\n<article id=\"post-1123\" class=\"display-posts-featured post-1123 post type-post status-publish format-standard has-post-thumbnail hentry category-article-pro category-general category-produits tag-etancheite-a-lair tag-etancheite-a-la-vapeur-deau tag-hygrovariabilite tag-intello tag-pro-clima tag-resistance-a-lhumidite\">\n    <div class=\"row\">\n        <div class=\"col-sm-12 col-sm-12\">\n            <div class=\"post-thumbnail-wrapper\">\n                <a href=\"https:\/\/blog.proclima.com\/fr\/2025\/11\/la-gestion-active-de-lhumidite\/\" rel=\"bookmark\">\n                    <img loading=\"lazy\" decoding=\"async\" width=\"352\" height=\"198\" src=\"https:\/\/blog.proclima.com\/fr\/files\/2025\/11\/p_INTELLO-352x198.jpg\" class=\"attachment-small-thumbnail size-small-thumbnail wp-post-image\" alt=\"\" srcset=\"https:\/\/blog.proclima.com\/fr\/files\/2025\/11\/p_INTELLO-352x198.jpg 352w, https:\/\/blog.proclima.com\/fr\/files\/2025\/11\/p_INTELLO-1120x630.jpg 1120w, https:\/\/blog.proclima.com\/fr\/files\/2025\/11\/p_INTELLO-736x414.jpg 736w\" sizes=\"auto, (max-width: 352px) 100vw, 352px\" \/>                <\/a>\n            <\/div>\n        <\/div>\n        \n        <div class=\"col-sm-12 col-sm-12\">   \n            <header class=\"entry-header\">\n                                <h1 class=\"entry-title\"><a href=\"https:\/\/blog.proclima.com\/fr\/2025\/11\/la-gestion-active-de-lhumidite\/\" rel=\"bookmark\">La gestion active de l&rsquo;humidit\u00e9<\/a><\/h1>\n                                \n                            <\/header><!-- .entry-header -->     \n            <div class=\"entry-summary\">\n                <p>L\u2019un des facteurs essentiels \u00e0 prendre en compte lors de la conception de b\u00e2timent est l\u2019humidit\u00e9. Quelle est sa nature et quelle en est la <a href=\"https:\/\/blog.proclima.com\/fr\/2025\/11\/la-gestion-active-de-lhumidite\/\" rel=\"bookmark\">&#8230;<\/a><\/p>\n            <\/div><!-- .entry-summary -->\n\n            <footer class=\"entry-footer\">\n                <div class=\"entry-meta\">\n                    <!-- <span class=\"posted-on\"><time class=\"entry-date updated\" datetime=\"2026-03-19T16:43:44+01:00\">19 mars 2026 mis \u00e0 jour r\u00e9cemment<\/time><\/span> -->\n                <\/div><!-- .entry-meta -->\n            <\/footer><!-- .entry-footer -->\n        <\/div>\n    <\/div>\n<\/article><!-- #post-## -->\n\n<\/div>\n<div class=\"col-md-4\">\n\n<article id=\"post-1085\" class=\"display-posts-featured post-1085 post type-post status-publish format-standard has-post-thumbnail hentry category-article-pro category-general tag-etancheite-a-lair tag-etancheite-au-vent tag-frein-vapeur tag-intello tag-pro-clima tag-vapeur-deau\">\n    <div class=\"row\">\n        <div class=\"col-sm-12 col-sm-12\">\n            <div class=\"post-thumbnail-wrapper\">\n                <a href=\"https:\/\/blog.proclima.com\/fr\/2025\/11\/letancheite-a-lair-et-la-gestion-de-la-vapeur-deau\/\" rel=\"bookmark\">\n                    <img loading=\"lazy\" decoding=\"async\" data-size=\"756x435\" width=\"352\" height=\"198\" src=\"https:\/\/blog.proclima.com\/fr\/files\/2025\/09\/Limiter-le-flux-dair-a-travers-la-paroi-352x198.png\" class=\"attachment-small-thumbnail size-small-thumbnail wp-post-image\" alt=\"\" srcset=\"https:\/\/blog.proclima.com\/fr\/files\/2025\/09\/Limiter-le-flux-dair-a-travers-la-paroi-352x198.png 352w, https:\/\/blog.proclima.com\/fr\/files\/2025\/09\/Limiter-le-flux-dair-a-travers-la-paroi-736x414.png 736w\" sizes=\"auto, (max-width: 352px) 100vw, 352px\" \/>                <\/a>\n            <\/div>\n        <\/div>\n        \n        <div class=\"col-sm-12 col-sm-12\">   \n            <header class=\"entry-header\">\n                                <h1 class=\"entry-title\"><a href=\"https:\/\/blog.proclima.com\/fr\/2025\/11\/letancheite-a-lair-et-la-gestion-de-la-vapeur-deau\/\" rel=\"bookmark\">L&rsquo;\u00e9tanch\u00e9it\u00e9 \u00e0 l&rsquo;air et la gestion de la vapeur d&rsquo;eau<\/a><\/h1>\n                                \n                            <\/header><!-- .entry-header -->     \n            <div class=\"entry-summary\">\n                <p>En quoi sont-elles n\u00e9cessaires ? Dans le cas d\u2019une isolation id\u00e9ale, l\u2019isolant est prot\u00e9g\u00e9 de toutes parts\u00a0: \u00e9tanche au vent \u00e0 l&rsquo;ext\u00e9rieur et \u00e9tanche \u00e0 <a href=\"https:\/\/blog.proclima.com\/fr\/2025\/11\/letancheite-a-lair-et-la-gestion-de-la-vapeur-deau\/\" rel=\"bookmark\">&#8230;<\/a><\/p>\n            <\/div><!-- .entry-summary -->\n\n            <footer class=\"entry-footer\">\n                <div class=\"entry-meta\">\n                    <!-- <span class=\"posted-on\"><time class=\"entry-date updated\" datetime=\"2025-11-13T16:24:41+01:00\">13 novembre 2025 mis \u00e0 jour r\u00e9cemment<\/time><\/span> -->\n                <\/div><!-- .entry-meta -->\n            <\/footer><!-- .entry-footer -->\n        <\/div>\n    <\/div>\n<\/article><!-- #post-## -->\n\n<\/div><\/div><\/div><\/section>\n\n\n\n<p class=\"has-text-align-right\"><a href=\"https:\/\/blog.proclima.com\/fr\/tous-les-articles\/\">Tous les articles<\/a><\/p>\n\n\n<section class=\"bg-light display-posts-listing display-posts-listing-horizontal\"><div class=\"display-posts-listing-container\"><div class=\"section-header\"><h1 class=\"section-title\"><a href=\"https:\/\/blog.proclima.com\/fr\/category\/produits\/\">Produits<\/a><\/h1><\/div><div class=\"row\">\n<div class=\"col-sm-12 col-md\">\n    <article id=\"post-1123\" class=\"display-posts-horizontal post-1123 post type-post status-publish format-standard has-post-thumbnail hentry category-article-pro category-general category-produits tag-etancheite-a-lair tag-etancheite-a-la-vapeur-deau tag-hygrovariabilite tag-intello tag-pro-clima tag-resistance-a-lhumidite\">\n\n        <div class=\"post-thumbnail-wrapper\">\n            <a href=\"https:\/\/blog.proclima.com\/fr\/2025\/11\/la-gestion-active-de-lhumidite\/\" rel=\"bookmark\">\n                <img loading=\"lazy\" decoding=\"async\" width=\"352\" height=\"198\" src=\"https:\/\/blog.proclima.com\/fr\/files\/2025\/11\/p_INTELLO-352x198.jpg\" class=\"attachment-small-thumbnail size-small-thumbnail wp-post-image\" alt=\"\" srcset=\"https:\/\/blog.proclima.com\/fr\/files\/2025\/11\/p_INTELLO-352x198.jpg 352w, https:\/\/blog.proclima.com\/fr\/files\/2025\/11\/p_INTELLO-1120x630.jpg 1120w, https:\/\/blog.proclima.com\/fr\/files\/2025\/11\/p_INTELLO-736x414.jpg 736w\" sizes=\"auto, (max-width: 352px) 100vw, 352px\" \/>            <\/a>\n        <\/div>\n\n        <header class=\"entry-header\">\n                        <h1 class=\"entry-title\"><a href=\"https:\/\/blog.proclima.com\/fr\/2025\/11\/la-gestion-active-de-lhumidite\/\" rel=\"bookmark\">La gestion active de l&rsquo;humidit\u00e9<\/a><\/h1>        <\/header><!-- .entry-header -->  \n           \n        <div class=\"entry-summary\">\n            <p>L\u2019un des facteurs essentiels \u00e0 prendre en compte lors de la conception de b\u00e2timent est l\u2019humidit\u00e9. Quelle est sa nature et quelle en est la <a href=\"https:\/\/blog.proclima.com\/fr\/2025\/11\/la-gestion-active-de-lhumidite\/\" rel=\"bookmark\">&#8230;<\/a><\/p>\n        <\/div><!-- .entry-summary -->\n\n        <footer class=\"entry-footer\">\n            <div class=\"entry-meta\">\n                <!-- <span class=\"posted-on\"><time class=\"entry-date updated\" datetime=\"2026-03-19T16:43:44+01:00\">19 mars 2026 mis \u00e0 jour r\u00e9cemment<\/time><\/span> -->\n            <\/div><!-- .entry-meta -->\n        <\/footer><!-- .entry-footer -->\n\n    <\/article><!-- #post-## -->\n<\/div>\n<div class=\"col-sm-12 col-md\">\n    <article id=\"post-1074\" class=\"display-posts-horizontal post-1074 post type-post status-publish format-standard has-post-thumbnail hentry category-article-pro category-general category-produits tag-etancheite-a-lair tag-etancheite-au-vent tag-physique-du-batiment tag-pro-clima tag-produits tag-solutions\">\n\n        <div class=\"post-thumbnail-wrapper\">\n            <a href=\"https:\/\/blog.proclima.com\/fr\/2025\/03\/reedition-du-savoir-compact\/\" rel=\"bookmark\">\n                <img loading=\"lazy\" decoding=\"async\" data-size=\"644x478\" width=\"352\" height=\"198\" src=\"https:\/\/blog.proclima.com\/fr\/files\/2025\/03\/SAVOIR-compact-2025-1-352x198.png\" class=\"attachment-small-thumbnail size-small-thumbnail wp-post-image\" alt=\"\" \/>            <\/a>\n        <\/div>\n\n        <header class=\"entry-header\">\n                        <h1 class=\"entry-title\"><a href=\"https:\/\/blog.proclima.com\/fr\/2025\/03\/reedition-du-savoir-compact\/\" rel=\"bookmark\">R\u00e9\u00e9dition du SAVOIR compact<\/a><\/h1>        <\/header><!-- .entry-header -->  \n           \n        <div class=\"entry-summary\">\n            <p>La version actualis\u00e9e et mise \u00e0 jour de notre brochure de r\u00e9f\u00e9rence, le SAVOIR compact, est maintenant disponible ! Ce document de r\u00e9f\u00e9rence vous apporte <a href=\"https:\/\/blog.proclima.com\/fr\/2025\/03\/reedition-du-savoir-compact\/\" rel=\"bookmark\">&#8230;<\/a><\/p>\n        <\/div><!-- .entry-summary -->\n\n        <footer class=\"entry-footer\">\n            <div class=\"entry-meta\">\n                <!-- <span class=\"posted-on\"><time class=\"entry-date updated\" datetime=\"2025-03-07T10:45:48+01:00\">7 mars 2025 mis \u00e0 jour r\u00e9cemment<\/time><\/span> -->\n            <\/div><!-- .entry-meta -->\n        <\/footer><!-- .entry-footer -->\n\n    <\/article><!-- #post-## -->\n<\/div>\n<div class=\"col-sm-12 col-md\">\n    <article id=\"post-1036\" class=\"display-posts-horizontal post-1036 post type-post status-publish format-standard has-post-thumbnail hentry category-produits\">\n\n        <div class=\"post-thumbnail-wrapper\">\n            <a href=\"https:\/\/blog.proclima.com\/fr\/2024\/07\/une-protection-maximale-contre-la-grele-pour-garder-votre-toit-au-sec\/\" rel=\"bookmark\">\n                <img loading=\"lazy\" decoding=\"async\" data-size=\"1570x1273\" width=\"352\" height=\"198\" src=\"https:\/\/blog.proclima.com\/fr\/files\/2024\/05\/Chantier_Grele_SOLITEX-MENTO-5000-352x198.jpg\" class=\"attachment-small-thumbnail size-small-thumbnail wp-post-image\" alt=\"\" srcset=\"https:\/\/blog.proclima.com\/fr\/files\/2024\/05\/Chantier_Grele_SOLITEX-MENTO-5000-352x198.jpg 352w, https:\/\/blog.proclima.com\/fr\/files\/2024\/05\/Chantier_Grele_SOLITEX-MENTO-5000-1120x630.jpg 1120w, https:\/\/blog.proclima.com\/fr\/files\/2024\/05\/Chantier_Grele_SOLITEX-MENTO-5000-736x414.jpg 736w\" sizes=\"auto, (max-width: 352px) 100vw, 352px\" \/>            <\/a>\n        <\/div>\n\n        <header class=\"entry-header\">\n                        <h1 class=\"entry-title\"><a href=\"https:\/\/blog.proclima.com\/fr\/2024\/07\/une-protection-maximale-contre-la-grele-pour-garder-votre-toit-au-sec\/\" rel=\"bookmark\">Une protection maximale contre la gr\u00eale&#8230; pour garder votre toit au sec<\/a><\/h1>        <\/header><!-- .entry-header -->  \n           \n        <div class=\"entry-summary\">\n            <p>Les orages accompagn\u00e9s de fortes pluies et de gr\u00eale ne sont plus exceptionnels, surtout pendant les mois d&rsquo;\u00e9t\u00e9. Ils sont aujourd&rsquo;hui plus fr\u00e9quents dans toute <a href=\"https:\/\/blog.proclima.com\/fr\/2024\/07\/une-protection-maximale-contre-la-grele-pour-garder-votre-toit-au-sec\/\" rel=\"bookmark\">&#8230;<\/a><\/p>\n        <\/div><!-- .entry-summary -->\n\n        <footer class=\"entry-footer\">\n            <div class=\"entry-meta\">\n                <!-- <span class=\"posted-on\"><time class=\"entry-date updated\" datetime=\"2024-07-04T16:52:26+02:00\">4 juillet 2024 mis \u00e0 jour r\u00e9cemment<\/time><\/span> -->\n            <\/div><!-- .entry-meta -->\n        <\/footer><!-- .entry-footer -->\n\n    <\/article><!-- #post-## -->\n<\/div><\/div><div class=\"section-term-link\"><a href=\"https:\/\/blog.proclima.com\/fr\/category\/produits\/\">Show all posts for \"Produits\"<\/a><\/div><\/div><\/section>\n<section class=\"display-posts-listing display-posts-listing-category\"><div class=\"display-posts-listing-container\"><div class=\"category-section\"><div class=\"category-title\"><div class=\"section-header\"><h1 class=\"section-title\"><a href=\"https:\/\/blog.proclima.com\/fr\/category\/article-pro\/\">Connaissances techniques<\/a><\/h1><\/div><p><a href=\"https:\/\/blog.proclima.com\/fr\/category\/article-pro\/\">Show all posts for \"Connaissances techniques\"<\/a><\/p><\/div><div class=\"category-listing\">\n<article id=\"post-1123\" class=\"display-posts-category display-posts-category-first post-1123 post type-post status-publish format-standard has-post-thumbnail hentry category-article-pro category-general category-produits tag-etancheite-a-lair tag-etancheite-a-la-vapeur-deau tag-hygrovariabilite tag-intello tag-pro-clima tag-resistance-a-lhumidite\">\n    <div class=\"row\">\n        <div class=\"col-sm-12 \">\n            <div class=\"post-thumbnail-wrapper \">\n                <a href=\"https:\/\/blog.proclima.com\/fr\/2025\/11\/la-gestion-active-de-lhumidite\/\" rel=\"bookmark\">\n                    <img loading=\"lazy\" decoding=\"async\" width=\"736\" height=\"414\" src=\"https:\/\/blog.proclima.com\/fr\/files\/2025\/11\/p_INTELLO-736x414.jpg\" class=\"attachment-medium-thumbnail size-medium-thumbnail wp-post-image\" alt=\"\" srcset=\"https:\/\/blog.proclima.com\/fr\/files\/2025\/11\/p_INTELLO-736x414.jpg 736w, https:\/\/blog.proclima.com\/fr\/files\/2025\/11\/p_INTELLO-1120x630.jpg 1120w, https:\/\/blog.proclima.com\/fr\/files\/2025\/11\/p_INTELLO-352x198.jpg 352w\" sizes=\"auto, (max-width: 736px) 100vw, 736px\" \/>                <\/a>\n            <\/div>\n        <\/div>\n        \n        <div class=\"col-sm-12 \">   \n            <header class=\"entry-header\">\n                                \n                <h1 class=\"entry-title\"><a href=\"https:\/\/blog.proclima.com\/fr\/2025\/11\/la-gestion-active-de-lhumidite\/\" rel=\"bookmark\">La gestion active de l&rsquo;humidit\u00e9<\/a><\/h1>\n            <\/header><!-- .entry-header -->     \n            <div class=\"entry-summary\">\n                <p>L\u2019un des facteurs essentiels \u00e0 prendre en compte lors de la conception de b\u00e2timent est l\u2019humidit\u00e9. Quelle est sa nature et quelle en est la <a href=\"https:\/\/blog.proclima.com\/fr\/2025\/11\/la-gestion-active-de-lhumidite\/\" rel=\"bookmark\">&#8230;<\/a><\/p>\n            <\/div><!-- .entry-summary -->\n\n            <footer class=\"entry-footer\">\n                <div class=\"entry-meta\">\n                    <!-- <span class=\"posted-on\"><time class=\"entry-date updated\" datetime=\"2026-03-19T16:43:44+01:00\">19 mars 2026 mis \u00e0 jour r\u00e9cemment<\/time><\/span> -->\n                <\/div><!-- .entry-meta -->\n            <\/footer><!-- .entry-footer -->\n        <\/div>\n    <\/div>\n<\/article><!-- #post-## -->\n\n<article id=\"post-1085\" class=\"display-posts-category post-1085 post type-post status-publish format-standard has-post-thumbnail hentry category-article-pro category-general tag-etancheite-a-lair tag-etancheite-au-vent tag-frein-vapeur tag-intello tag-pro-clima tag-vapeur-deau\">\n    <div class=\"row\">\n        <div class=\"col-sm-12 col-md-4\">\n            <div class=\"post-thumbnail-wrapper post-thumbnail-horizontal\">\n                <a href=\"https:\/\/blog.proclima.com\/fr\/2025\/11\/letancheite-a-lair-et-la-gestion-de-la-vapeur-deau\/\" rel=\"bookmark\">\n                    <img loading=\"lazy\" decoding=\"async\" data-size=\"756x435\" width=\"352\" height=\"198\" src=\"https:\/\/blog.proclima.com\/fr\/files\/2025\/09\/Limiter-le-flux-dair-a-travers-la-paroi-352x198.png\" class=\"attachment-small-thumbnail size-small-thumbnail wp-post-image\" alt=\"\" srcset=\"https:\/\/blog.proclima.com\/fr\/files\/2025\/09\/Limiter-le-flux-dair-a-travers-la-paroi-352x198.png 352w, https:\/\/blog.proclima.com\/fr\/files\/2025\/09\/Limiter-le-flux-dair-a-travers-la-paroi-736x414.png 736w\" sizes=\"auto, (max-width: 352px) 100vw, 352px\" \/>                <\/a>\n            <\/div>\n        <\/div>\n        \n        <div class=\"col-sm-12 col-md-8\">   \n            <header class=\"entry-header\">\n                                \n                <h1 class=\"entry-title\"><a href=\"https:\/\/blog.proclima.com\/fr\/2025\/11\/letancheite-a-lair-et-la-gestion-de-la-vapeur-deau\/\" rel=\"bookmark\">L&rsquo;\u00e9tanch\u00e9it\u00e9 \u00e0 l&rsquo;air et la gestion de la vapeur d&rsquo;eau<\/a><\/h1>\n            <\/header><!-- .entry-header -->     \n            <div class=\"entry-summary\">\n                <p>En quoi sont-elles n\u00e9cessaires ? Dans le cas d\u2019une isolation id\u00e9ale, l\u2019isolant est prot\u00e9g\u00e9 de toutes parts\u00a0: \u00e9tanche au vent \u00e0 l&rsquo;ext\u00e9rieur et \u00e9tanche \u00e0 <a href=\"https:\/\/blog.proclima.com\/fr\/2025\/11\/letancheite-a-lair-et-la-gestion-de-la-vapeur-deau\/\" rel=\"bookmark\">&#8230;<\/a><\/p>\n            <\/div><!-- .entry-summary -->\n\n            <footer class=\"entry-footer\">\n                <div class=\"entry-meta\">\n                    <!-- <span class=\"posted-on\"><time class=\"entry-date updated\" datetime=\"2025-11-13T16:24:41+01:00\">13 novembre 2025 mis \u00e0 jour r\u00e9cemment<\/time><\/span> -->\n                <\/div><!-- .entry-meta -->\n            <\/footer><!-- .entry-footer -->\n        <\/div>\n    <\/div>\n<\/article><!-- #post-## -->\n\n<article id=\"post-1074\" class=\"display-posts-category post-1074 post type-post status-publish format-standard has-post-thumbnail hentry category-article-pro category-general category-produits tag-etancheite-a-lair tag-etancheite-au-vent tag-physique-du-batiment tag-pro-clima tag-produits tag-solutions\">\n    <div class=\"row\">\n        <div class=\"col-sm-12 col-md-4\">\n            <div class=\"post-thumbnail-wrapper post-thumbnail-horizontal\">\n                <a href=\"https:\/\/blog.proclima.com\/fr\/2025\/03\/reedition-du-savoir-compact\/\" rel=\"bookmark\">\n                    <img loading=\"lazy\" decoding=\"async\" data-size=\"644x478\" width=\"352\" height=\"198\" src=\"https:\/\/blog.proclima.com\/fr\/files\/2025\/03\/SAVOIR-compact-2025-1-352x198.png\" class=\"attachment-small-thumbnail size-small-thumbnail wp-post-image\" alt=\"\" \/>                <\/a>\n            <\/div>\n        <\/div>\n        \n        <div class=\"col-sm-12 col-md-8\">   \n            <header class=\"entry-header\">\n                                \n                <h1 class=\"entry-title\"><a href=\"https:\/\/blog.proclima.com\/fr\/2025\/03\/reedition-du-savoir-compact\/\" rel=\"bookmark\">R\u00e9\u00e9dition du SAVOIR compact<\/a><\/h1>\n            <\/header><!-- .entry-header -->     \n            <div class=\"entry-summary\">\n                <p>La version actualis\u00e9e et mise \u00e0 jour de notre brochure de r\u00e9f\u00e9rence, le SAVOIR compact, est maintenant disponible ! Ce document de r\u00e9f\u00e9rence vous apporte <a href=\"https:\/\/blog.proclima.com\/fr\/2025\/03\/reedition-du-savoir-compact\/\" rel=\"bookmark\">&#8230;<\/a><\/p>\n            <\/div><!-- .entry-summary -->\n\n            <footer class=\"entry-footer\">\n                <div class=\"entry-meta\">\n                    <!-- <span class=\"posted-on\"><time class=\"entry-date updated\" datetime=\"2025-03-07T10:45:48+01:00\">7 mars 2025 mis \u00e0 jour r\u00e9cemment<\/time><\/span> -->\n                <\/div><!-- .entry-meta -->\n            <\/footer><!-- .entry-footer -->\n        <\/div>\n    <\/div>\n<\/article><!-- #post-## -->\n<\/div><\/div><div class=\"section-term-link\"><a href=\"https:\/\/blog.proclima.com\/fr\/category\/article-pro\/\">Show all posts for \"Connaissances techniques\"<\/a><\/div><\/div><\/section>\n<section class=\"bg-light display-posts-listing display-posts-listing-horizontal\"><div class=\"display-posts-listing-container\"><div class=\"section-header\"><h1 class=\"section-title\"><a href=\"https:\/\/blog.proclima.com\/fr\/category\/evenements-salons\/\">\u00c9v\u00e8nements \/ Salons<\/a><\/h1><\/div><div class=\"row\">\n<div class=\"col-sm-12 col-md\">\n    <article id=\"post-1162\" class=\"display-posts-horizontal post-1162 post type-post status-publish format-standard has-post-thumbnail hentry category-evenements-salons category-general tag-etancheite-a-lair tag-pro-clima tag-pro-clima-france tag-rencontres-professionnelles tag-salon\">\n\n        <div class=\"post-thumbnail-wrapper\">\n            <a href=\"https:\/\/blog.proclima.com\/fr\/2026\/03\/prochains-evenements-ou-nous-rencontrer\/\" rel=\"bookmark\">\n                <img loading=\"lazy\" decoding=\"async\" data-size=\"1250x625\" width=\"352\" height=\"198\" src=\"https:\/\/blog.proclima.com\/fr\/files\/2026\/03\/GABARIT_VIERGE_header_FR_882609788_20260303142004-352x198.jpg\" class=\"attachment-small-thumbnail size-small-thumbnail wp-post-image\" alt=\"\" srcset=\"https:\/\/blog.proclima.com\/fr\/files\/2026\/03\/GABARIT_VIERGE_header_FR_882609788_20260303142004-352x198.jpg 352w, https:\/\/blog.proclima.com\/fr\/files\/2026\/03\/GABARIT_VIERGE_header_FR_882609788_20260303142004-736x414.jpg 736w\" sizes=\"auto, (max-width: 352px) 100vw, 352px\" \/>            <\/a>\n        <\/div>\n\n        <header class=\"entry-header\">\n                        <h1 class=\"entry-title\"><a href=\"https:\/\/blog.proclima.com\/fr\/2026\/03\/prochains-evenements-ou-nous-rencontrer\/\" rel=\"bookmark\">Prochains \u00e9v\u00e9nements o\u00f9 nous rencontrer\u00a0!<\/a><\/h1>        <\/header><!-- .entry-header -->  \n           \n        <div class=\"entry-summary\">\n            <p>L&rsquo;ann\u00e9e 2026 est d\u00e9j\u00e0 bien entam\u00e9e et avec elle notre participation \u00e0 plusieurs salons. Faisons un petit retour en arri\u00e8re. D\u00e9but f\u00e9vrier, nous \u00e9tions pr\u00e9sents <a href=\"https:\/\/blog.proclima.com\/fr\/2026\/03\/prochains-evenements-ou-nous-rencontrer\/\" rel=\"bookmark\">&#8230;<\/a><\/p>\n        <\/div><!-- .entry-summary -->\n\n        <footer class=\"entry-footer\">\n            <div class=\"entry-meta\">\n                <!-- <span class=\"posted-on\"><time class=\"entry-date published updated\" datetime=\"2026-03-19T16:39:10+01:00\">19 mars 2026 mis \u00e0 jour r\u00e9cemment<\/time><\/span> -->\n            <\/div><!-- .entry-meta -->\n        <\/footer><!-- .entry-footer -->\n\n    <\/article><!-- #post-## -->\n<\/div>\n<div class=\"col-sm-12 col-md\">\n    <article id=\"post-1155\" class=\"display-posts-horizontal post-1155 post type-post status-publish format-standard has-post-thumbnail hentry category-evenements-salons category-general\">\n\n        <div class=\"post-thumbnail-wrapper\">\n            <a href=\"https:\/\/blog.proclima.com\/fr\/2025\/12\/cloture-de-lannee-2025-nouvelle-annee-2026\/\" rel=\"bookmark\">\n                <img loading=\"lazy\" decoding=\"async\" data-size=\"656x325\" width=\"352\" height=\"198\" src=\"https:\/\/blog.proclima.com\/fr\/files\/2025\/12\/Weihnachten-352x198.jpg\" class=\"attachment-small-thumbnail size-small-thumbnail wp-post-image\" alt=\"\" \/>            <\/a>\n        <\/div>\n\n        <header class=\"entry-header\">\n                        <h1 class=\"entry-title\"><a href=\"https:\/\/blog.proclima.com\/fr\/2025\/12\/cloture-de-lannee-2025-nouvelle-annee-2026\/\" rel=\"bookmark\">&#x2728;Cl\u00f4ture de l\u2019ann\u00e9e 2025 &amp; nouvelle ann\u00e9e 2026&#x2728;<\/a><\/h1>        <\/header><!-- .entry-header -->  \n           \n        <div class=\"entry-summary\">\n            <p>Alors que l\u2019ann\u00e9e touche \u00e0 sa fin, merci \u00e0 nos clients, partenaires et collaborateurs pour leur confiance et leur engagement tout au long de l\u2019ann\u00e9e. <a href=\"https:\/\/blog.proclima.com\/fr\/2025\/12\/cloture-de-lannee-2025-nouvelle-annee-2026\/\" rel=\"bookmark\">&#8230;<\/a><\/p>\n        <\/div><!-- .entry-summary -->\n\n        <footer class=\"entry-footer\">\n            <div class=\"entry-meta\">\n                <!-- <span class=\"posted-on\"><time class=\"entry-date updated\" datetime=\"2025-12-19T10:36:37+01:00\">19 d\u00e9cembre 2025 mis \u00e0 jour r\u00e9cemment<\/time><\/span> -->\n            <\/div><!-- .entry-meta -->\n        <\/footer><!-- .entry-footer -->\n\n    <\/article><!-- #post-## -->\n<\/div>\n<div class=\"col-sm-12 col-md\">\n    <article id=\"post-1066\" class=\"display-posts-horizontal post-1066 post type-post status-publish format-standard has-post-thumbnail hentry category-article-pro category-evenements-salons category-general\">\n\n        <div class=\"post-thumbnail-wrapper\">\n            <a href=\"https:\/\/blog.proclima.com\/fr\/2025\/01\/reprise-des-seminaires-pro-clima-ouverts-au-public\/\" rel=\"bookmark\">\n                <img loading=\"lazy\" decoding=\"async\" data-size=\"601x498\" width=\"352\" height=\"198\" src=\"https:\/\/blog.proclima.com\/fr\/files\/2025\/01\/Seminaire-11-12-mars-2025-352x198.png\" class=\"attachment-small-thumbnail size-small-thumbnail wp-post-image\" alt=\"\" \/>            <\/a>\n        <\/div>\n\n        <header class=\"entry-header\">\n                        <h1 class=\"entry-title\"><a href=\"https:\/\/blog.proclima.com\/fr\/2025\/01\/reprise-des-seminaires-pro-clima-ouverts-au-public\/\" rel=\"bookmark\">Reprise des s\u00e9minaires pro clima ouverts au public<\/a><\/h1>        <\/header><!-- .entry-header -->  \n           \n        <div class=\"entry-summary\">\n            <p>Nous reprenons les s\u00e9minaires pro clima dans notre nouveau centre de formation en Allemagne. C&rsquo;est avec un grand plaisir que nous vous accueillerons les 11 <a href=\"https:\/\/blog.proclima.com\/fr\/2025\/01\/reprise-des-seminaires-pro-clima-ouverts-au-public\/\" rel=\"bookmark\">&#8230;<\/a><\/p>\n        <\/div><!-- .entry-summary -->\n\n        <footer class=\"entry-footer\">\n            <div class=\"entry-meta\">\n                <!-- <span class=\"posted-on\"><time class=\"entry-date updated\" datetime=\"2025-01-28T14:35:27+01:00\">28 janvier 2025 mis \u00e0 jour r\u00e9cemment<\/time><\/span> -->\n            <\/div><!-- .entry-meta -->\n        <\/footer><!-- .entry-footer -->\n\n    <\/article><!-- #post-## -->\n<\/div><\/div><div class=\"section-term-link\"><a href=\"https:\/\/blog.proclima.com\/fr\/category\/evenements-salons\/\">Show all posts for \"\u00c9v\u00e8nements \/ Salons\"<\/a><\/div><\/div><\/section>\n<section class=\"display-posts-listing display-posts-listing-category\"><div class=\"display-posts-listing-container\"><div class=\"category-section\"><div class=\"category-title\"><div class=\"section-header\"><h1 class=\"section-title\"><a href=\"https:\/\/blog.proclima.com\/fr\/category\/general\/\">pro clima<\/a><\/h1><\/div><p><a href=\"https:\/\/blog.proclima.com\/fr\/category\/general\/\">Show all posts for \"pro clima\"<\/a><\/p><\/div><div class=\"category-listing\">\n<article id=\"post-1162\" class=\"display-posts-category display-posts-category-first post-1162 post type-post status-publish format-standard has-post-thumbnail hentry category-evenements-salons category-general tag-etancheite-a-lair tag-pro-clima tag-pro-clima-france tag-rencontres-professionnelles tag-salon\">\n    <div class=\"row\">\n        <div class=\"col-sm-12 \">\n            <div class=\"post-thumbnail-wrapper \">\n                <a href=\"https:\/\/blog.proclima.com\/fr\/2026\/03\/prochains-evenements-ou-nous-rencontrer\/\" rel=\"bookmark\">\n                    <img loading=\"lazy\" decoding=\"async\" data-size=\"1250x625\" width=\"736\" height=\"414\" src=\"https:\/\/blog.proclima.com\/fr\/files\/2026\/03\/GABARIT_VIERGE_header_FR_882609788_20260303142004-736x414.jpg\" class=\"attachment-medium-thumbnail size-medium-thumbnail wp-post-image\" alt=\"\" srcset=\"https:\/\/blog.proclima.com\/fr\/files\/2026\/03\/GABARIT_VIERGE_header_FR_882609788_20260303142004-736x414.jpg 736w, https:\/\/blog.proclima.com\/fr\/files\/2026\/03\/GABARIT_VIERGE_header_FR_882609788_20260303142004-352x198.jpg 352w\" sizes=\"auto, (max-width: 736px) 100vw, 736px\" \/>                <\/a>\n            <\/div>\n        <\/div>\n        \n        <div class=\"col-sm-12 \">   \n            <header class=\"entry-header\">\n                                \n                <h1 class=\"entry-title\"><a href=\"https:\/\/blog.proclima.com\/fr\/2026\/03\/prochains-evenements-ou-nous-rencontrer\/\" rel=\"bookmark\">Prochains \u00e9v\u00e9nements o\u00f9 nous rencontrer\u00a0!<\/a><\/h1>\n            <\/header><!-- .entry-header -->     \n            <div class=\"entry-summary\">\n                <p>L&rsquo;ann\u00e9e 2026 est d\u00e9j\u00e0 bien entam\u00e9e et avec elle notre participation \u00e0 plusieurs salons. Faisons un petit retour en arri\u00e8re. D\u00e9but f\u00e9vrier, nous \u00e9tions pr\u00e9sents <a href=\"https:\/\/blog.proclima.com\/fr\/2026\/03\/prochains-evenements-ou-nous-rencontrer\/\" rel=\"bookmark\">&#8230;<\/a><\/p>\n            <\/div><!-- .entry-summary -->\n\n            <footer class=\"entry-footer\">\n                <div class=\"entry-meta\">\n                    <!-- <span class=\"posted-on\"><time class=\"entry-date published updated\" datetime=\"2026-03-19T16:39:10+01:00\">19 mars 2026 mis \u00e0 jour r\u00e9cemment<\/time><\/span> -->\n                <\/div><!-- .entry-meta -->\n            <\/footer><!-- .entry-footer -->\n        <\/div>\n    <\/div>\n<\/article><!-- #post-## -->\n\n<article id=\"post-1155\" class=\"display-posts-category post-1155 post type-post status-publish format-standard has-post-thumbnail hentry category-evenements-salons category-general\">\n    <div class=\"row\">\n        <div class=\"col-sm-12 col-md-4\">\n            <div class=\"post-thumbnail-wrapper post-thumbnail-horizontal\">\n                <a href=\"https:\/\/blog.proclima.com\/fr\/2025\/12\/cloture-de-lannee-2025-nouvelle-annee-2026\/\" rel=\"bookmark\">\n                    <img loading=\"lazy\" decoding=\"async\" data-size=\"656x325\" width=\"352\" height=\"198\" src=\"https:\/\/blog.proclima.com\/fr\/files\/2025\/12\/Weihnachten-352x198.jpg\" class=\"attachment-small-thumbnail size-small-thumbnail wp-post-image\" alt=\"\" \/>                <\/a>\n            <\/div>\n        <\/div>\n        \n        <div class=\"col-sm-12 col-md-8\">   \n            <header class=\"entry-header\">\n                                \n                <h1 class=\"entry-title\"><a href=\"https:\/\/blog.proclima.com\/fr\/2025\/12\/cloture-de-lannee-2025-nouvelle-annee-2026\/\" rel=\"bookmark\">&#x2728;Cl\u00f4ture de l\u2019ann\u00e9e 2025 &amp; nouvelle ann\u00e9e 2026&#x2728;<\/a><\/h1>\n            <\/header><!-- .entry-header -->     \n            <div class=\"entry-summary\">\n                <p>Alors que l\u2019ann\u00e9e touche \u00e0 sa fin, merci \u00e0 nos clients, partenaires et collaborateurs pour leur confiance et leur engagement tout au long de l\u2019ann\u00e9e. <a href=\"https:\/\/blog.proclima.com\/fr\/2025\/12\/cloture-de-lannee-2025-nouvelle-annee-2026\/\" rel=\"bookmark\">&#8230;<\/a><\/p>\n            <\/div><!-- .entry-summary -->\n\n            <footer class=\"entry-footer\">\n                <div class=\"entry-meta\">\n                    <!-- <span class=\"posted-on\"><time class=\"entry-date updated\" datetime=\"2025-12-19T10:36:37+01:00\">19 d\u00e9cembre 2025 mis \u00e0 jour r\u00e9cemment<\/time><\/span> -->\n                <\/div><!-- .entry-meta -->\n            <\/footer><!-- .entry-footer -->\n        <\/div>\n    <\/div>\n<\/article><!-- #post-## -->\n\n<article id=\"post-1123\" class=\"display-posts-category post-1123 post type-post status-publish format-standard has-post-thumbnail hentry category-article-pro category-general category-produits tag-etancheite-a-lair tag-etancheite-a-la-vapeur-deau tag-hygrovariabilite tag-intello tag-pro-clima tag-resistance-a-lhumidite\">\n    <div class=\"row\">\n        <div class=\"col-sm-12 col-md-4\">\n            <div class=\"post-thumbnail-wrapper post-thumbnail-horizontal\">\n                <a href=\"https:\/\/blog.proclima.com\/fr\/2025\/11\/la-gestion-active-de-lhumidite\/\" rel=\"bookmark\">\n                    <img loading=\"lazy\" decoding=\"async\" width=\"352\" height=\"198\" src=\"https:\/\/blog.proclima.com\/fr\/files\/2025\/11\/p_INTELLO-352x198.jpg\" class=\"attachment-small-thumbnail size-small-thumbnail wp-post-image\" alt=\"\" srcset=\"https:\/\/blog.proclima.com\/fr\/files\/2025\/11\/p_INTELLO-352x198.jpg 352w, https:\/\/blog.proclima.com\/fr\/files\/2025\/11\/p_INTELLO-1120x630.jpg 1120w, https:\/\/blog.proclima.com\/fr\/files\/2025\/11\/p_INTELLO-736x414.jpg 736w\" sizes=\"auto, (max-width: 352px) 100vw, 352px\" \/>                <\/a>\n            <\/div>\n        <\/div>\n        \n        <div class=\"col-sm-12 col-md-8\">   \n            <header class=\"entry-header\">\n                                \n                <h1 class=\"entry-title\"><a href=\"https:\/\/blog.proclima.com\/fr\/2025\/11\/la-gestion-active-de-lhumidite\/\" rel=\"bookmark\">La gestion active de l&rsquo;humidit\u00e9<\/a><\/h1>\n            <\/header><!-- .entry-header -->     \n            <div class=\"entry-summary\">\n                <p>L\u2019un des facteurs essentiels \u00e0 prendre en compte lors de la conception de b\u00e2timent est l\u2019humidit\u00e9. Quelle est sa nature et quelle en est la <a href=\"https:\/\/blog.proclima.com\/fr\/2025\/11\/la-gestion-active-de-lhumidite\/\" rel=\"bookmark\">&#8230;<\/a><\/p>\n            <\/div><!-- .entry-summary -->\n\n            <footer class=\"entry-footer\">\n                <div class=\"entry-meta\">\n                    <!-- <span class=\"posted-on\"><time class=\"entry-date updated\" datetime=\"2026-03-19T16:43:44+01:00\">19 mars 2026 mis \u00e0 jour r\u00e9cemment<\/time><\/span> -->\n                <\/div><!-- .entry-meta -->\n            <\/footer><!-- .entry-footer -->\n        <\/div>\n    <\/div>\n<\/article><!-- #post-## -->\n<\/div><\/div><div class=\"section-term-link\"><a href=\"https:\/\/blog.proclima.com\/fr\/category\/general\/\">Show all posts for \"pro clima\"<\/a><\/div><\/div><\/section>\n\n\n\n<p><\/p>\n","protected":false},"excerpt":{"rendered":"<p>Tous les articles<\/p>\n","protected":false},"author":147,"featured_media":0,"parent":0,"menu_order":0,"comment_status":"closed","ping_status":"closed","template":"","meta":{"footnotes":""},"class_list":["post-966","page","type-page","status-publish","hentry"],"yoast_head":"<!-- This site is optimized with the Yoast SEO plugin v27.5 - https:\/\/yoast.com\/product\/yoast-seo-wordpress\/ -->\n<title>page d&#039;accueil - pro clima Blog - france<\/title>\n<meta name=\"robots\" content=\"index, follow, max-snippet:-1, max-image-preview:large, max-video-preview:-1\" \/>\n<link rel=\"canonical\" href=\"https:\/\/blog.proclima.com\/fr\/\" \/>\n<meta property=\"og:locale\" content=\"fr_FR\" \/>\n<meta property=\"og:type\" content=\"article\" \/>\n<meta property=\"og:title\" content=\"page d&#039;accueil - pro clima Blog - france\" \/>\n<meta property=\"og:description\" content=\"Tous les articles\" \/>\n<meta property=\"og:url\" content=\"https:\/\/blog.proclima.com\/fr\/\" \/>\n<meta property=\"og:site_name\" content=\"pro clima Blog - france\" \/>\n<meta property=\"article:modified_time\" content=\"2022-11-02T12:40:17+00:00\" \/>\n<meta name=\"twitter:card\" content=\"summary_large_image\" \/>\n<meta name=\"twitter:label1\" content=\"Dur\u00e9e de lecture estim\u00e9e\" \/>\n\t<meta name=\"twitter:data1\" content=\"1 minute\" \/>\n<script type=\"application\/ld+json\" class=\"yoast-schema-graph\">{\"@context\":\"https:\\\/\\\/schema.org\",\"@graph\":[{\"@type\":\"WebPage\",\"@id\":\"https:\\\/\\\/blog.proclima.com\\\/fr\\\/\",\"url\":\"https:\\\/\\\/blog.proclima.com\\\/fr\\\/\",\"name\":\"page d'accueil - pro clima Blog - france\",\"isPartOf\":{\"@id\":\"https:\\\/\\\/blog.proclima.com\\\/fr\\\/#website\"},\"datePublished\":\"2022-10-14T09:37:11+00:00\",\"dateModified\":\"2022-11-02T12:40:17+00:00\",\"breadcrumb\":{\"@id\":\"https:\\\/\\\/blog.proclima.com\\\/fr\\\/#breadcrumb\"},\"inLanguage\":\"fr-FR\",\"potentialAction\":[{\"@type\":\"ReadAction\",\"target\":[\"https:\\\/\\\/blog.proclima.com\\\/fr\\\/\"]}]},{\"@type\":\"BreadcrumbList\",\"@id\":\"https:\\\/\\\/blog.proclima.com\\\/fr\\\/#breadcrumb\",\"itemListElement\":[{\"@type\":\"ListItem\",\"position\":1,\"name\":\"Accueil\",\"item\":\"https:\\\/\\\/blog.proclima.com\\\/fr\\\/\"},{\"@type\":\"ListItem\",\"position\":2,\"name\":\"page d&rsquo;accueil\"}]},{\"@type\":\"WebSite\",\"@id\":\"https:\\\/\\\/blog.proclima.com\\\/fr\\\/#website\",\"url\":\"https:\\\/\\\/blog.proclima.com\\\/fr\\\/\",\"name\":\"pro clima Blog - france\",\"description\":\"pro clima Blog\",\"publisher\":{\"@id\":\"https:\\\/\\\/blog.proclima.com\\\/fr\\\/#organization\"},\"potentialAction\":[{\"@type\":\"SearchAction\",\"target\":{\"@type\":\"EntryPoint\",\"urlTemplate\":\"https:\\\/\\\/blog.proclima.com\\\/fr\\\/?s={search_term_string}\"},\"query-input\":{\"@type\":\"PropertyValueSpecification\",\"valueRequired\":true,\"valueName\":\"search_term_string\"}}],\"inLanguage\":\"fr-FR\"},{\"@type\":\"Organization\",\"@id\":\"https:\\\/\\\/blog.proclima.com\\\/fr\\\/#organization\",\"name\":\"pro clima Blog - france\",\"url\":\"https:\\\/\\\/blog.proclima.com\\\/fr\\\/\",\"logo\":{\"@type\":\"ImageObject\",\"inLanguage\":\"fr-FR\",\"@id\":\"https:\\\/\\\/blog.proclima.com\\\/fr\\\/#\\\/schema\\\/logo\\\/image\\\/\",\"url\":\"https:\\\/\\\/blog.proclima.com\\\/fr\\\/files\\\/2025\\\/12\\\/logo_proclima_quadrat.png\",\"contentUrl\":\"https:\\\/\\\/blog.proclima.com\\\/fr\\\/files\\\/2025\\\/12\\\/logo_proclima_quadrat.png\",\"width\":1200,\"height\":1200,\"caption\":\"pro clima Blog - france\"},\"image\":{\"@id\":\"https:\\\/\\\/blog.proclima.com\\\/fr\\\/#\\\/schema\\\/logo\\\/image\\\/\"}}]}<\/script>\n<!-- \/ Yoast SEO plugin. -->","yoast_head_json":{"title":"page d'accueil - pro clima Blog - france","robots":{"index":"index","follow":"follow","max-snippet":"max-snippet:-1","max-image-preview":"max-image-preview:large","max-video-preview":"max-video-preview:-1"},"canonical":"https:\/\/blog.proclima.com\/fr\/","og_locale":"fr_FR","og_type":"article","og_title":"page d'accueil - pro clima Blog - france","og_description":"Tous les articles","og_url":"https:\/\/blog.proclima.com\/fr\/","og_site_name":"pro clima Blog - france","article_modified_time":"2022-11-02T12:40:17+00:00","twitter_card":"summary_large_image","twitter_misc":{"Dur\u00e9e de lecture estim\u00e9e":"1 minute"},"schema":{"@context":"https:\/\/schema.org","@graph":[{"@type":"WebPage","@id":"https:\/\/blog.proclima.com\/fr\/","url":"https:\/\/blog.proclima.com\/fr\/","name":"page d'accueil - pro clima Blog - france","isPartOf":{"@id":"https:\/\/blog.proclima.com\/fr\/#website"},"datePublished":"2022-10-14T09:37:11+00:00","dateModified":"2022-11-02T12:40:17+00:00","breadcrumb":{"@id":"https:\/\/blog.proclima.com\/fr\/#breadcrumb"},"inLanguage":"fr-FR","potentialAction":[{"@type":"ReadAction","target":["https:\/\/blog.proclima.com\/fr\/"]}]},{"@type":"BreadcrumbList","@id":"https:\/\/blog.proclima.com\/fr\/#breadcrumb","itemListElement":[{"@type":"ListItem","position":1,"name":"Accueil","item":"https:\/\/blog.proclima.com\/fr\/"},{"@type":"ListItem","position":2,"name":"page d&rsquo;accueil"}]},{"@type":"WebSite","@id":"https:\/\/blog.proclima.com\/fr\/#website","url":"https:\/\/blog.proclima.com\/fr\/","name":"pro clima Blog - france","description":"pro clima Blog","publisher":{"@id":"https:\/\/blog.proclima.com\/fr\/#organization"},"potentialAction":[{"@type":"SearchAction","target":{"@type":"EntryPoint","urlTemplate":"https:\/\/blog.proclima.com\/fr\/?s={search_term_string}"},"query-input":{"@type":"PropertyValueSpecification","valueRequired":true,"valueName":"search_term_string"}}],"inLanguage":"fr-FR"},{"@type":"Organization","@id":"https:\/\/blog.proclima.com\/fr\/#organization","name":"pro clima Blog - france","url":"https:\/\/blog.proclima.com\/fr\/","logo":{"@type":"ImageObject","inLanguage":"fr-FR","@id":"https:\/\/blog.proclima.com\/fr\/#\/schema\/logo\/image\/","url":"https:\/\/blog.proclima.com\/fr\/files\/2025\/12\/logo_proclima_quadrat.png","contentUrl":"https:\/\/blog.proclima.com\/fr\/files\/2025\/12\/logo_proclima_quadrat.png","width":1200,"height":1200,"caption":"pro clima Blog - france"},"image":{"@id":"https:\/\/blog.proclima.com\/fr\/#\/schema\/logo\/image\/"}}]}},"_links":{"self":[{"href":"https:\/\/blog.proclima.com\/fr\/wp-json\/wp\/v2\/pages\/966","targetHints":{"allow":["GET"]}}],"collection":[{"href":"https:\/\/blog.proclima.com\/fr\/wp-json\/wp\/v2\/pages"}],"about":[{"href":"https:\/\/blog.proclima.com\/fr\/wp-json\/wp\/v2\/types\/page"}],"author":[{"embeddable":true,"href":"https:\/\/blog.proclima.com\/fr\/wp-json\/wp\/v2\/users\/147"}],"replies":[{"embeddable":true,"href":"https:\/\/blog.proclima.com\/fr\/wp-json\/wp\/v2\/comments?post=966"}],"version-history":[{"count":5,"href":"https:\/\/blog.proclima.com\/fr\/wp-json\/wp\/v2\/pages\/966\/revisions"}],"predecessor-version":[{"id":986,"href":"https:\/\/blog.proclima.com\/fr\/wp-json\/wp\/v2\/pages\/966\/revisions\/986"}],"wp:attachment":[{"href":"https:\/\/blog.proclima.com\/fr\/wp-json\/wp\/v2\/media?parent=966"}],"curies":[{"name":"wp","href":"https:\/\/api.w.org\/{rel}","templated":true}]}}