
{"version":"1.0","provider_name":"pro clima Blog - france","provider_url":"https:\/\/blog.proclima.com\/fr","author_name":"Heide Merkel","author_url":"https:\/\/blog.proclima.com\/fr\/author\/gentner\/","title":"Belles, ind\u00e9pendantes et confortables : Les Tiny Houses (mobiles) du nord-ouest de la France - pro clima Blog - france","type":"rich","width":600,"height":338,"html":"<blockquote class=\"wp-embedded-content\" data-secret=\"nKEheuxnb0\"><a href=\"https:\/\/blog.proclima.com\/fr\/2017\/01\/tiny-houses\/\">Belles, ind\u00e9pendantes et confortables : Les Tiny Houses (mobiles) du nord-ouest de la France<\/a><\/blockquote><iframe sandbox=\"allow-scripts\" security=\"restricted\" src=\"https:\/\/blog.proclima.com\/fr\/2017\/01\/tiny-houses\/embed\/#?secret=nKEheuxnb0\" width=\"600\" height=\"338\" title=\"\u00ab\u00a0Belles, ind\u00e9pendantes et confortables : Les Tiny Houses (mobiles) du nord-ouest de la France\u00a0\u00bb &#8212; pro clima Blog - france\" data-secret=\"nKEheuxnb0\" frameborder=\"0\" marginwidth=\"0\" marginheight=\"0\" scrolling=\"no\" class=\"wp-embedded-content\"><\/iframe><script type=\"text\/javascript\">\n\/* <![CDATA[ *\/\n\/*! This file is auto-generated *\/\n!function(d,l){\"use strict\";l.querySelector&&d.addEventListener&&\"undefined\"!=typeof URL&&(d.wp=d.wp||{},d.wp.receiveEmbedMessage||(d.wp.receiveEmbedMessage=function(e){var t=e.data;if((t||t.secret||t.message||t.value)&&!\/[^a-zA-Z0-9]\/.test(t.secret)){for(var s,r,n,a=l.querySelectorAll('iframe[data-secret=\"'+t.secret+'\"]'),o=l.querySelectorAll('blockquote[data-secret=\"'+t.secret+'\"]'),c=new RegExp(\"^https?:$\",\"i\"),i=0;i<o.length;i++)o[i].style.display=\"none\";for(i=0;i<a.length;i++)s=a[i],e.source===s.contentWindow&&(s.removeAttribute(\"style\"),\"height\"===t.message?(1e3<(r=parseInt(t.value,10))?r=1e3:~~r<200&&(r=200),s.height=r):\"link\"===t.message&&(r=new URL(s.getAttribute(\"src\")),n=new URL(t.value),c.test(n.protocol))&&n.host===r.host&&l.activeElement===s&&(d.top.location.href=t.value))}},d.addEventListener(\"message\",d.wp.receiveEmbedMessage,!1),l.addEventListener(\"DOMContentLoaded\",function(){for(var e,t,s=l.querySelectorAll(\"iframe.wp-embedded-content\"),r=0;r<s.length;r++)(t=(e=s[r]).getAttribute(\"data-secret\"))||(t=Math.random().toString(36).substring(2,12),e.src+=\"#?secret=\"+t,e.setAttribute(\"data-secret\",t)),e.contentWindow.postMessage({message:\"ready\",secret:t},\"*\")},!1)))}(window,document);\n\/\/# sourceURL=https:\/\/blog.proclima.com\/fr\/wp-includes\/js\/wp-embed.min.js\n\/* ]]> *\/\n<\/script>\n","description":"Confortable, mobile et pratique : c\u2019est la mission de \u00ab\u00a0La Tiny House\u00a0\u00bb \u00e0 Poilley sur le Homme, situ\u00e9 dans le nord-ouest de la France \u00e0 ...","thumbnail_url":"https:\/\/blog.proclima.com\/fr\/files\/2017\/01\/WP_20160909_11_00_16_Pro-1024x577.jpg"}